{"id":31,"date":"2022-05-26T15:03:58","date_gmt":"2022-05-26T19:03:58","guid":{"rendered":"https:\/\/sites.bu.edu\/veranomadrid22\/?page_id=31"},"modified":"2022-06-28T15:34:05","modified_gmt":"2022-06-28T19:34:05","slug":"gabriela","status":"publish","type":"page","link":"https:\/\/sites.bu.edu\/veranomadrid22\/blogs\/gabriela\/","title":{"rendered":"Gabriela"},"content":{"rendered":"<p>Me llamo Gabriela Londo\u00f1o y soy de Miami, Florida. Voy a Brandeis University, que queda a veinte minutos de Boston, y el pr\u00f3ximo a\u00f1o empiezo mi tercer a\u00f1o de estudios. Yo estoy en el programa de pre-medicina y estudio Biolog\u00eda y Pol\u00edtica de salud. Mi familia es de Colombia y yo he hablado espa\u00f1ol desde que era peque\u00f1a. Cuando me grad\u00fae, quisiera empezar a estudiar en una escuela de medicina y despu\u00e9s hacerme m\u00e9dica. Quise estudiar en Madrid para practicar y mejorar mi espa\u00f1ol lo m\u00e1s que pueda. Mi foto muestra mi conjunto en Madrid.<\/p>\n<p><a href=\"https:\/\/sites.bu.edu\/veranomadrid22\/2022\/06\/07\/el-espectaculo-de-madrid\/\" target=\"_blank\" rel=\"noopener noreferrer\"><strong>El espect\u00e1culo de Madrid<\/strong><\/a><\/p>\n<p><a href=\"https:\/\/sites.bu.edu\/veranomadrid22\/2022\/06\/15\/los-gyros-de-sol\/\" target=\"_blank\" rel=\"noopener noreferrer\"><strong>Los Gyros de Sol<\/strong><\/a><\/p>\n<p><a href=\"https:\/\/sites.bu.edu\/veranomadrid22\/2022\/06\/28\/las-ultimas-semanas-en-madrid\/\" target=\"_blank\" rel=\"noopener noreferrer\"><strong>Las \u00faltimas semanas en Madrid<\/strong><\/a><\/p>\n","protected":false},"excerpt":{"rendered":"<p>Me llamo Gabriela Londo\u00f1o y soy de Miami, Florida. Voy a Brandeis University, que queda a veinte minutos de Boston, y el pr\u00f3ximo a\u00f1o empiezo mi tercer a\u00f1o de estudios. Yo estoy en el programa de pre-medicina y estudio Biolog\u00eda y Pol\u00edtica de salud. Mi familia es de Colombia y yo he hablado espa\u00f1ol desde [&hellip;]<\/p>\n","protected":false},"author":5659,"featured_media":0,"parent":18,"menu_order":4,"comment_status":"closed","ping_status":"closed","template":"","meta":[],"_links":{"self":[{"href":"https:\/\/sites.bu.edu\/veranomadrid22\/wp-json\/wp\/v2\/pages\/31"}],"collection":[{"href":"https:\/\/sites.bu.edu\/veranomadrid22\/wp-json\/wp\/v2\/pages"}],"about":[{"href":"https:\/\/sites.bu.edu\/veranomadrid22\/wp-json\/wp\/v2\/types\/page"}],"author":[{"embeddable":true,"href":"https:\/\/sites.bu.edu\/veranomadrid22\/wp-json\/wp\/v2\/users\/5659"}],"replies":[{"embeddable":true,"href":"https:\/\/sites.bu.edu\/veranomadrid22\/wp-json\/wp\/v2\/comments?post=31"}],"version-history":[{"count":4,"href":"https:\/\/sites.bu.edu\/veranomadrid22\/wp-json\/wp\/v2\/pages\/31\/revisions"}],"predecessor-version":[{"id":347,"href":"https:\/\/sites.bu.edu\/veranomadrid22\/wp-json\/wp\/v2\/pages\/31\/revisions\/347"}],"up":[{"embeddable":true,"href":"https:\/\/sites.bu.edu\/veranomadrid22\/wp-json\/wp\/v2\/pages\/18"}],"wp:attachment":[{"href":"https:\/\/sites.bu.edu\/veranomadrid22\/wp-json\/wp\/v2\/media?parent=31"}],"curies":[{"name":"wp","href":"https:\/\/api.w.org\/{rel}","templated":true}]}}