{"id":56,"date":"2019-01-23T14:13:42","date_gmt":"2019-01-23T19:13:42","guid":{"rendered":"https:\/\/sites.bu.edu\/primaveramadrid2019\/?page_id=56"},"modified":"2019-04-23T14:00:56","modified_gmt":"2019-04-23T18:00:56","slug":"phoebe","status":"publish","type":"page","link":"https:\/\/sites.bu.edu\/primaveramadrid2019\/los-blogs\/phoebe\/","title":{"rendered":"Phoebe"},"content":{"rendered":"<p>Me llamo Phoebe y soy de Vermont, en los Estados Unidos. Es mi primera vez en Madrid. El foco de mis estudios es en Relaciones Internacionales y Econ\u00f3micas. Me gusta mucho esquiar y esqu\u00edo desde que ten\u00eda dos a\u00f1os y extra\u00f1ar\u00e9 la nieve este invierno. Tambi\u00e9n, me gusta mucho el arte contempor\u00e1neo y mi lugar favorito en la ciudad de Boston es el Instituto de Arte Contempor\u00e1neo. Estoy muy emocionada para ver mucho arte en Espa\u00f1a y el arte contempor\u00e1neo espec\u00edficamente. Adem\u00e1s, estoy emocionada por experimentar todo lo que Madrid tiene que ofrecer.<\/p>\n<p><a href=\"https:\/\/sites.bu.edu\/primaveramadrid2019\/2019\/02\/05\/la-semana-de-exploracion\/\" target=\"_blank\" rel=\"noopener\"><strong>La Semana de Exploraci\u00f3n<\/strong><\/a><\/p>\n<p><a href=\"https:\/\/sites.bu.edu\/primaveramadrid2019\/2019\/03\/05\/amigos-y-libros\/\" target=\"_blank\" rel=\"noopener\"><strong>Amigos y Libros<\/strong><\/a><\/p>\n<p><a href=\"https:\/\/sites.bu.edu\/primaveramadrid2019\/2019\/03\/06\/la-semana-de-las-almendras\/\" target=\"_blank\" rel=\"noopener\"><strong>La Semana de las Almendras<\/strong><\/a><\/p>\n<p><a href=\"https:\/\/sites.bu.edu\/primaveramadrid2019\/2019\/03\/26\/casa-de-campo\/\" target=\"_blank\" rel=\"noopener\"><strong>Casa de Campo<\/strong><\/a><\/p>\n<p><a href=\"https:\/\/sites.bu.edu\/primaveramadrid2019\/news\/mi-amiga-alemana-en-madrid\/\" target=\"_blank\" rel=\"noopener\"><strong>Mi amiga alemana en Madrid<\/strong><\/a><\/p>\n<p><a href=\"https:\/\/sites.bu.edu\/primaveramadrid2019\/2019\/04\/23\/una-semana-sin-incidentes\/\" target=\"_blank\" rel=\"noopener\"><strong>Una semana sin incidentes<\/strong><\/a><\/p>\n","protected":false},"excerpt":{"rendered":"<p>Me llamo Phoebe y soy de Vermont, en los Estados Unidos. Es mi primera vez en Madrid. El foco de mis estudios es en Relaciones Internacionales y Econ\u00f3micas. Me gusta mucho esquiar y esqu\u00edo desde que ten\u00eda dos a\u00f1os y extra\u00f1ar\u00e9 la nieve este invierno. Tambi\u00e9n, me gusta mucho el arte contempor\u00e1neo y mi lugar [&hellip;]<\/p>\n","protected":false},"author":5659,"featured_media":0,"parent":24,"menu_order":10,"comment_status":"closed","ping_status":"closed","template":"","meta":[],"_links":{"self":[{"href":"https:\/\/sites.bu.edu\/primaveramadrid2019\/wp-json\/wp\/v2\/pages\/56"}],"collection":[{"href":"https:\/\/sites.bu.edu\/primaveramadrid2019\/wp-json\/wp\/v2\/pages"}],"about":[{"href":"https:\/\/sites.bu.edu\/primaveramadrid2019\/wp-json\/wp\/v2\/types\/page"}],"author":[{"embeddable":true,"href":"https:\/\/sites.bu.edu\/primaveramadrid2019\/wp-json\/wp\/v2\/users\/5659"}],"replies":[{"embeddable":true,"href":"https:\/\/sites.bu.edu\/primaveramadrid2019\/wp-json\/wp\/v2\/comments?post=56"}],"version-history":[{"count":7,"href":"https:\/\/sites.bu.edu\/primaveramadrid2019\/wp-json\/wp\/v2\/pages\/56\/revisions"}],"predecessor-version":[{"id":632,"href":"https:\/\/sites.bu.edu\/primaveramadrid2019\/wp-json\/wp\/v2\/pages\/56\/revisions\/632"}],"up":[{"embeddable":true,"href":"https:\/\/sites.bu.edu\/primaveramadrid2019\/wp-json\/wp\/v2\/pages\/24"}],"wp:attachment":[{"href":"https:\/\/sites.bu.edu\/primaveramadrid2019\/wp-json\/wp\/v2\/media?parent=56"}],"curies":[{"name":"wp","href":"https:\/\/api.w.org\/{rel}","templated":true}]}}